{"id":1618,"date":"2019-06-27T11:34:33","date_gmt":"2019-06-27T09:34:33","guid":{"rendered":"http:\/\/dunofilms.fr\/?page_id=1618"},"modified":"2024-09-17T11:24:01","modified_gmt":"2024-09-17T09:24:01","slug":"les-douleurs-impatientes","status":"publish","type":"page","link":"https:\/\/dunofilms.fr\/en\/les-douleurs-impatientes\/","title":{"rendered":"Impatient pains"},"content":{"rendered":"<div  id=\"content-3\" class=\"content-left-image-section content-image-left\" style=\"background-color: #ffffff; background-image: none;\" data-label=\"Content\" data-id=\"content-image-left\" data-category=\"content\" data-ovid=\"ovid-content-3-627\">\n<div  class=\"gridContainer\">\n<div  class=\"row\">\n<div  class=\"content-left-image-imgcol\" data-type=\"column\"><img  decoding=\"async\" class=\"\" src=\"https:\/\/dunofilms.fr\/wp-content\/uploads\/2022\/07\/LDI_VF-copie-scaled.jpg\" alt=\"\"><\/div>\n<div  style=\"height: 45px; display: block;\"><\/div>\n<div  class=\"content-left-image-textcol dynamic-color\" data-type=\"column\" style=\"text-align: center;\">\n<h4  class=\"\">A night in the psychiatric emergency unit. Lisa, a young intern devoted to her patients, is torn between her humanist commitments and an all-powerful hospital administration.<\/h4>\n<div  style=\"height: 15px; display: block; text-align: center;\" class=\"\"><\/div>\n<p  class=\"\">Director : Marisa Ingold<\/p>\n<p  class=\"\">Cast : Ad\u00e8le Wismes, Fleur Geffrier, Terrence Amadi, Marie Bernard, Baptiste Dezerces<\/p>\n<p  class=\"\">DOP : Maxence Lemonnier<\/p>\n<p  class=\"\">Music : Amin Goudarzi<\/p>\n<p  class=\"\">Distributor : Manifest<\/p>\n<p  class=\"\">Broadcast : France 3 - Libre Court Program<\/p>\n<p  class=\"\">Financial partners : Ile-de-France Region, Label Sc\u00e9nario of La Maison du Film Special Mention, City of Paris, France T\u00e9l\u00e9visions, Audiovisual support fund of the CNC, SACEM, ALCIM\u00c9, Procirep - Angoa<\/p>\n<p  class=\"\">Festival selections : 30 national and international festivals\n<br ><br >Awards : Premio Vittorio Saltini (Jury Prize) - Via Emilia Doc Fest (Italy) \/ Prix de la Saladelle d'or - Ecran Libre Festival \/ Special Jury Mention - Psy Festival of Lorquin \/ Special Mention - CLAP 89 Festival \/ Student Jury Prize - Nancy International Film Festival \/ Prix D\u00e9couverte Bonh\u00f4te - Helv\u00e9tie French Film Festival (Switzerland)<\/p>\n\n<h5  class=\"\"><span  style=\"color: #000000;\">2021<\/span><\/h5>\n<\/div>\n<\/div>\n<\/div>\n<\/div><div  data-label=\"Cta\" data-id=\"cta-centered-bg-section\" data-category=\"cta\" class=\"cta-centered-bg-section white-text\" data-parallax-depth=\"20\" id=\"cta-1\" style=\"background-color: #f6f6f6; background-image: url('https:\/\/dunofilms.fr\/wp-content\/uploads\/2022\/03\/cropped-Affiche-MG-1.jpeg'); background-size: cover; background-position: center top;\" data-ovid=\"ovid-cta-1-2517\">\n<div  class=\"gridContainer\">\n<div  class=\"cta-centered-bg-section-row\">\n<div  class=\"cta-centered-bg-section-row-2\">\n<div  class=\"cta-centered-bg-section-col dynamic-color\" data-type=\"column\">\n<h3  class=\"cta-centered-bg-section-title\"><span  class=\"cta-centered-bg-section-title-bold\" href=\"#\">Bad Seed&nbsp;<\/span>by Nad\u00e8ge Herrygers<\/h3>\n<a class=\"button big transparent white-text\" href=\"https:\/\/dunofilms.fr\/en\/mauvaise-graine-2\/\" target=\"_self\" data-icon=\"fa-arrow-right\" rel=\"noopener\"><span  class=\"button-icon fa fa-arrow-right\"><\/span> <\/a>\n\n<\/div>\n<\/div>\n<\/div>\n<\/div>\n<\/div>","protected":false},"excerpt":{"rendered":"<p>Une nuit de garde aux urgences psychiatriques. Lisa, jeune interne d\u00e9vou\u00e9e aupr\u00e8s de ses malades, est tiraill\u00e9e entre ses engagements humanistes et une administration hospitali\u00e8re toute-puissante. Sc\u00e9nario et r\u00e9alisation : Marisa Ingold Casting : Ad\u00e8le Wismes, Fleur Geffrier, Terrence Amadi, Marie Bernard, Baptiste Dezerces Image : Maxence Lemonnier Musique : Amin Goudarzi Distributeur : Manifest&hellip; <br \/> <a class=\"button small blue\" href=\"https:\/\/dunofilms.fr\/en\/de-plumes-et-de-plomb\/\">Read more<\/a><\/p>","protected":false},"author":1,"featured_media":0,"parent":0,"menu_order":0,"comment_status":"closed","ping_status":"closed","template":"full-width-page.php","meta":{"_crdt_document":"","footnotes":""},"class_list":["post-1618","page","type-page","status-publish","hentry"],"_links":{"self":[{"href":"https:\/\/dunofilms.fr\/en\/wp-json\/wp\/v2\/pages\/1618","targetHints":{"allow":["GET"]}}],"collection":[{"href":"https:\/\/dunofilms.fr\/en\/wp-json\/wp\/v2\/pages"}],"about":[{"href":"https:\/\/dunofilms.fr\/en\/wp-json\/wp\/v2\/types\/page"}],"author":[{"embeddable":true,"href":"https:\/\/dunofilms.fr\/en\/wp-json\/wp\/v2\/users\/1"}],"replies":[{"embeddable":true,"href":"https:\/\/dunofilms.fr\/en\/wp-json\/wp\/v2\/comments?post=1618"}],"version-history":[{"count":77,"href":"https:\/\/dunofilms.fr\/en\/wp-json\/wp\/v2\/pages\/1618\/revisions"}],"predecessor-version":[{"id":3750,"href":"https:\/\/dunofilms.fr\/en\/wp-json\/wp\/v2\/pages\/1618\/revisions\/3750"}],"wp:attachment":[{"href":"https:\/\/dunofilms.fr\/en\/wp-json\/wp\/v2\/media?parent=1618"}],"curies":[{"name":"wp","href":"https:\/\/api.w.org\/{rel}","templated":true}]}}